{"id":448,"date":"2023-01-06T08:55:58","date_gmt":"2023-01-06T07:55:58","guid":{"rendered":"https:\/\/exposiciosantildefons.cornella.cat\/?page_id=448"},"modified":"2025-02-28T11:36:31","modified_gmt":"2025-02-28T10:36:31","slug":"proposta-educativa","status":"publish","type":"page","link":"https:\/\/exposiciosantildefons.cornella.cat\/esp\/proposta-educativa\/","title":{"rendered":"Propuesta Educativa"},"content":{"rendered":"<div data-elementor-type=\"wp-page\" data-elementor-id=\"448\" class=\"elementor elementor-448\">\n\t\t\t\t\t\t<section class=\"elementor-section elementor-top-section elementor-element elementor-element-3786c33 elementor-section-full_width elementor-section-content-middle elementor-section-height-default elementor-section-height-default\" data-id=\"3786c33\" data-element_type=\"section\" data-settings=\"{&quot;background_background&quot;:&quot;classic&quot;}\">\n\t\t\t\t\t\t<div class=\"elementor-container elementor-column-gap-extended\">\n\t\t\t\t\t<div class=\"elementor-column elementor-col-50 elementor-top-column elementor-element elementor-element-27e61a5f elementor-hidden-desktop\" data-id=\"27e61a5f\" data-element_type=\"column\">\n\t\t\t<div class=\"elementor-widget-wrap elementor-element-populated\">\n\t\t\t\t\t\t<div class=\"elementor-element elementor-element-6bce9199 elementor-hidden-desktop elementor-widget elementor-widget-theme-site-logo elementor-widget-image\" data-id=\"6bce9199\" data-element_type=\"widget\" data-widget_type=\"theme-site-logo.default\">\n\t\t\t\t<div class=\"elementor-widget-container\">\n\t\t\t\t\t\t\t\t\t\t<div class=\"elementor-image\">\n\t\t\t\t\t\t\t\t<a href=\"https:\/\/exposiciosantildefons.cornella.cat\/esp\">\n\t\t\t<img fetchpriority=\"high\" decoding=\"async\" width=\"1366\" height=\"681\" src=\"https:\/\/exposiciosantildefons.cornella.cat\/wp-content\/uploads\/2023\/01\/LogoExpoV1-2.png\" class=\"attachment-full size-full wp-image-945\" alt=\"\" srcset=\"https:\/\/exposiciosantildefons.cornella.cat\/wp-content\/uploads\/2023\/01\/LogoExpoV1-2.png 1366w, https:\/\/exposiciosantildefons.cornella.cat\/wp-content\/uploads\/2023\/01\/LogoExpoV1-2-300x150.png 300w, https:\/\/exposiciosantildefons.cornella.cat\/wp-content\/uploads\/2023\/01\/LogoExpoV1-2-1024x511.png 1024w, https:\/\/exposiciosantildefons.cornella.cat\/wp-content\/uploads\/2023\/01\/LogoExpoV1-2-768x383.png 768w, https:\/\/exposiciosantildefons.cornella.cat\/wp-content\/uploads\/2023\/01\/LogoExpoV1-2-18x9.png 18w\" sizes=\"(max-width: 1366px) 100vw, 1366px\" \/>\t\t\t\t<\/a>\n\t\t\t\t\t\t\t\t\t\t<\/div>\n\t\t\t\t\t\t\t\t<\/div>\n\t\t\t\t<\/div>\n\t\t\t\t\t<\/div>\n\t\t<\/div>\n\t\t\t\t<div class=\"elementor-column elementor-col-50 elementor-top-column elementor-element elementor-element-5f63360c elementor-hidden-desktop\" data-id=\"5f63360c\" data-element_type=\"column\">\n\t\t\t<div class=\"elementor-widget-wrap elementor-element-populated\">\n\t\t\t\t\t\t<div class=\"elementor-element elementor-element-196a5811 elementor-nav-menu__text-align-aside elementor-nav-menu--toggle elementor-nav-menu--burger elementor-widget elementor-widget-nav-menu\" data-id=\"196a5811\" data-element_type=\"widget\" data-settings=\"{&quot;layout&quot;:&quot;dropdown&quot;,&quot;submenu_icon&quot;:{&quot;value&quot;:&quot;&lt;i class=\\&quot;fas fa-caret-down\\&quot;&gt;&lt;\\\/i&gt;&quot;,&quot;library&quot;:&quot;fa-solid&quot;},&quot;toggle&quot;:&quot;burger&quot;}\" data-widget_type=\"nav-menu.default\">\n\t\t\t\t<div class=\"elementor-widget-container\">\n\t\t\t\t\t\t\t<div class=\"elementor-menu-toggle\" role=\"button\" tabindex=\"0\" aria-label=\"Menu Toggle\" aria-expanded=\"false\">\n\t\t\t<i aria-hidden=\"true\" role=\"presentation\" class=\"elementor-menu-toggle__icon--open eicon-menu-bar\"><\/i><i aria-hidden=\"true\" role=\"presentation\" class=\"elementor-menu-toggle__icon--close eicon-close\"><\/i>\t\t\t<span class=\"elementor-screen-only\">Menu<\/span>\n\t\t<\/div>\n\t\t\t\t\t<nav class=\"elementor-nav-menu--dropdown elementor-nav-menu__container\" aria-hidden=\"true\">\n\t\t\t\t<ul id=\"menu-2-196a5811\" class=\"elementor-nav-menu\"><li class=\"trp-language-switcher-container menu-item menu-item-type-post_type menu-item-object-language_switcher current-language-menu-item menu-item-3091\"><a href=\"https:\/\/exposiciosantildefons.cornella.cat\/esp\/wp-json\/wp\/v2\/pages\/448\" class=\"elementor-item elementor-item-anchor\" tabindex=\"-1\"><span data-no-translation><img decoding=\"async\" class=\"trp-flag-image\" src=\"https:\/\/exposiciosantildefons.cornella.cat\/wp-content\/plugins\/translatepress-multilingual\/assets\/images\/flags\/ca.png\" width=\"18\" height=\"12\" alt=\"ca\" title=\"Catalan\"><span class=\"trp-ls-language-name\">CAT<\/span><\/span><\/a><\/li>\n<li class=\"trp-language-switcher-container menu-item menu-item-type-post_type menu-item-object-language_switcher current-language-menu-item menu-item-3090\"><a href=\"https:\/\/exposiciosantildefons.cornella.cat\/esp\/wp-json\/wp\/v2\/pages\/448\" class=\"elementor-item elementor-item-anchor\" tabindex=\"-1\"><span data-no-translation><img decoding=\"async\" class=\"trp-flag-image\" src=\"https:\/\/exposiciosantildefons.cornella.cat\/wp-content\/plugins\/translatepress-multilingual\/assets\/images\/flags\/es_ES.png\" width=\"18\" height=\"12\" alt=\"es_ES\" title=\"Spanish\"><span class=\"trp-ls-language-name\">ESP<\/span><\/span><\/a><\/li>\n<li class=\"menu-item menu-item-type-post_type menu-item-object-page menu-item-3092\"><a href=\"https:\/\/exposiciosantildefons.cornella.cat\/esp\/un-espai-entre-la-muntanya-i-la-costa-bis\/\" class=\"elementor-item\" tabindex=\"-1\">Un espacio entre la monta\u00f1a y la costa<\/a><\/li>\n<li class=\"menu-item menu-item-type-post_type menu-item-object-page menu-item-3098\"><a href=\"https:\/\/exposiciosantildefons.cornella.cat\/esp\/sant-ildefons-el-nou-barri\/\" class=\"elementor-item\" tabindex=\"-1\">Sant Ildefons el nou barri<\/a><\/li>\n<li class=\"menu-item menu-item-type-post_type menu-item-object-page menu-item-3099\"><a href=\"https:\/\/exposiciosantildefons.cornella.cat\/esp\/jo-et-vaig-veure-arribar\/\" class=\"elementor-item\" tabindex=\"-1\">Yo te vi llegar<\/a><\/li>\n<li class=\"menu-item menu-item-type-post_type menu-item-object-page menu-item-3097\"><a href=\"https:\/\/exposiciosantildefons.cornella.cat\/esp\/serveis-per-a-una-comunitat\/\" class=\"elementor-item\" tabindex=\"-1\">Servicios para una comunidad<\/a><\/li>\n<li class=\"menu-item menu-item-type-post_type menu-item-object-page menu-item-3096\"><a href=\"https:\/\/exposiciosantildefons.cornella.cat\/esp\/sant-ildefons-avui\/\" class=\"elementor-item\" tabindex=\"-1\">Sant Ildefons Avui<\/a><\/li>\n<li class=\"menu-item menu-item-type-post_type menu-item-object-page menu-item-3100\"><a href=\"https:\/\/exposiciosantildefons.cornella.cat\/esp\/sant-ildefons-un-barri-que-treballa-pel-seu-futur\/\" class=\"elementor-item\" tabindex=\"-1\">Sant Ildefons, un barrio que trabaja por su futuro<\/a><\/li>\n<li class=\"menu-item menu-item-type-post_type menu-item-object-page menu-item-3093\"><a href=\"https:\/\/exposiciosantildefons.cornella.cat\/esp\/credits-i-dades-de-lexposico\/\" class=\"elementor-item\" tabindex=\"-1\">Credits  i dades de l\u2019exposico<\/a><\/li>\n<li class=\"menu-item menu-item-type-post_type menu-item-object-page menu-item-3094\"><a href=\"https:\/\/exposiciosantildefons.cornella.cat\/esp\/proposta-educativa\/\" class=\"elementor-item\" tabindex=\"-1\">Propuesta Educativa<\/a><\/li>\n<li class=\"menu-item menu-item-type-post_type menu-item-object-page menu-item-3095\"><a href=\"https:\/\/exposiciosantildefons.cornella.cat\/esp\/audiovisuals\/\" class=\"elementor-item\" tabindex=\"-1\">Audiovisuales<\/a><\/li>\n<\/ul>\t\t\t<\/nav>\n\t\t\t\t\t\t<\/div>\n\t\t\t\t<\/div>\n\t\t\t\t\t<\/div>\n\t\t<\/div>\n\t\t\t\t\t<\/div>\n\t\t<\/section>\n\t\t\t\t<section class=\"elementor-section elementor-top-section elementor-element elementor-element-66da5d7f elementor-section-full_width elementor-section-height-default elementor-section-height-default\" data-id=\"66da5d7f\" data-element_type=\"section\" data-settings=\"{&quot;background_background&quot;:&quot;classic&quot;}\">\n\t\t\t\t\t\t<div class=\"elementor-container elementor-column-gap-wide\">\n\t\t\t\t\t<div class=\"elementor-column elementor-col-50 elementor-top-column elementor-element elementor-element-4b37335f elementor-hidden-tablet elementor-hidden-mobile elementor-hidden-laptop\" data-id=\"4b37335f\" data-element_type=\"column\" data-settings=\"{&quot;background_background&quot;:&quot;classic&quot;}\">\n\t\t\t<div class=\"elementor-widget-wrap elementor-element-populated\">\n\t\t\t\t\t\t<section class=\"elementor-section elementor-inner-section elementor-element elementor-element-106f8a4f elementor-section-boxed elementor-section-height-default elementor-section-height-default\" data-id=\"106f8a4f\" data-element_type=\"section\" data-settings=\"{&quot;sticky&quot;:&quot;top&quot;,&quot;sticky_parent&quot;:&quot;yes&quot;,&quot;animation&quot;:&quot;none&quot;,&quot;background_background&quot;:&quot;classic&quot;,&quot;sticky_on&quot;:[&quot;desktop&quot;,&quot;laptop&quot;,&quot;tablet&quot;,&quot;mobile&quot;],&quot;sticky_offset&quot;:0,&quot;sticky_effects_offset&quot;:0}\">\n\t\t\t\t\t\t<div class=\"elementor-container elementor-column-gap-extended\">\n\t\t\t\t\t<div class=\"elementor-column elementor-col-100 elementor-inner-column elementor-element elementor-element-20bcffb2\" data-id=\"20bcffb2\" data-element_type=\"column\">\n\t\t\t<div class=\"elementor-widget-wrap elementor-element-populated\">\n\t\t\t\t\t\t<div class=\"elementor-element elementor-element-14399d0 elementor-widget elementor-widget-theme-site-logo elementor-widget-image\" data-id=\"14399d0\" data-element_type=\"widget\" data-widget_type=\"theme-site-logo.default\">\n\t\t\t\t<div class=\"elementor-widget-container\">\n\t\t\t\t\t\t\t\t\t\t<div class=\"elementor-image\">\n\t\t\t\t\t\t\t\t<a href=\"https:\/\/exposiciosantildefons.cornella.cat\/esp\">\n\t\t\t<img fetchpriority=\"high\" decoding=\"async\" width=\"1366\" height=\"681\" src=\"https:\/\/exposiciosantildefons.cornella.cat\/wp-content\/uploads\/2023\/01\/LogoExpoV1-2.png\" class=\"attachment-full size-full wp-image-945\" alt=\"\" srcset=\"https:\/\/exposiciosantildefons.cornella.cat\/wp-content\/uploads\/2023\/01\/LogoExpoV1-2.png 1366w, https:\/\/exposiciosantildefons.cornella.cat\/wp-content\/uploads\/2023\/01\/LogoExpoV1-2-300x150.png 300w, https:\/\/exposiciosantildefons.cornella.cat\/wp-content\/uploads\/2023\/01\/LogoExpoV1-2-1024x511.png 1024w, https:\/\/exposiciosantildefons.cornella.cat\/wp-content\/uploads\/2023\/01\/LogoExpoV1-2-768x383.png 768w, https:\/\/exposiciosantildefons.cornella.cat\/wp-content\/uploads\/2023\/01\/LogoExpoV1-2-18x9.png 18w\" sizes=\"(max-width: 1366px) 100vw, 1366px\" \/>\t\t\t\t<\/a>\n\t\t\t\t\t\t\t\t\t\t<\/div>\n\t\t\t\t\t\t\t\t<\/div>\n\t\t\t\t<\/div>\n\t\t\t\t<div class=\"elementor-element elementor-element-eee252c elementor-widget elementor-widget-image\" data-id=\"eee252c\" data-element_type=\"widget\" data-widget_type=\"image.default\">\n\t\t\t\t<div class=\"elementor-widget-container\">\n\t\t\t\t\t\t\t\t\t\t\t\t\t\t\t<img loading=\"lazy\" decoding=\"async\" width=\"1747\" height=\"39\" src=\"https:\/\/exposiciosantildefons.cornella.cat\/wp-content\/uploads\/2023\/01\/Separador01.png\" class=\"attachment-full size-full wp-image-2089\" alt=\"\" srcset=\"https:\/\/exposiciosantildefons.cornella.cat\/wp-content\/uploads\/2023\/01\/Separador01.png 1747w, https:\/\/exposiciosantildefons.cornella.cat\/wp-content\/uploads\/2023\/01\/Separador01-300x7.png 300w, https:\/\/exposiciosantildefons.cornella.cat\/wp-content\/uploads\/2023\/01\/Separador01-1024x23.png 1024w, https:\/\/exposiciosantildefons.cornella.cat\/wp-content\/uploads\/2023\/01\/Separador01-768x17.png 768w, https:\/\/exposiciosantildefons.cornella.cat\/wp-content\/uploads\/2023\/01\/Separador01-1536x34.png 1536w, https:\/\/exposiciosantildefons.cornella.cat\/wp-content\/uploads\/2023\/01\/Separador01-18x1.png 18w\" sizes=\"(max-width: 1747px) 100vw, 1747px\" \/>\t\t\t\t\t\t\t\t\t\t\t\t\t\t\t<\/div>\n\t\t\t\t<\/div>\n\t\t\t\t<div class=\"elementor-element elementor-element-0512d43 elementor-nav-menu__align-left elementor-nav-menu--dropdown-tablet elementor-nav-menu__text-align-aside elementor-nav-menu--toggle elementor-nav-menu--burger elementor-widget elementor-widget-nav-menu\" data-id=\"0512d43\" data-element_type=\"widget\" data-settings=\"{&quot;layout&quot;:&quot;horizontal&quot;,&quot;submenu_icon&quot;:{&quot;value&quot;:&quot;&lt;i class=\\&quot;fas fa-caret-down\\&quot;&gt;&lt;\\\/i&gt;&quot;,&quot;library&quot;:&quot;fa-solid&quot;},&quot;toggle&quot;:&quot;burger&quot;}\" data-widget_type=\"nav-menu.default\">\n\t\t\t\t<div class=\"elementor-widget-container\">\n\t\t\t\t\t\t\t\t<nav class=\"elementor-nav-menu--main elementor-nav-menu__container elementor-nav-menu--layout-horizontal e--pointer-none\">\n\t\t\t\t<ul id=\"menu-1-0512d43\" class=\"elementor-nav-menu\"><li class=\"trp-language-switcher-container menu-item menu-item-type-post_type menu-item-object-language_switcher current-language-menu-item menu-item-3071\"><a href=\"https:\/\/exposiciosantildefons.cornella.cat\/esp\/wp-json\/wp\/v2\/pages\/448\" class=\"elementor-item elementor-item-anchor\"><span data-no-translation><img decoding=\"async\" class=\"trp-flag-image\" src=\"https:\/\/exposiciosantildefons.cornella.cat\/wp-content\/plugins\/translatepress-multilingual\/assets\/images\/flags\/ca.png\" width=\"18\" height=\"12\" alt=\"ca\" title=\"Catalan\"><span class=\"trp-ls-language-name\">CAT<\/span><\/span><\/a><\/li>\n<li class=\"trp-language-switcher-container menu-item menu-item-type-post_type menu-item-object-language_switcher current-language-menu-item menu-item-3070\"><a href=\"https:\/\/exposiciosantildefons.cornella.cat\/esp\/wp-json\/wp\/v2\/pages\/448\" class=\"elementor-item elementor-item-anchor\"><span data-no-translation><img decoding=\"async\" class=\"trp-flag-image\" src=\"https:\/\/exposiciosantildefons.cornella.cat\/wp-content\/plugins\/translatepress-multilingual\/assets\/images\/flags\/es_ES.png\" width=\"18\" height=\"12\" alt=\"es_ES\" title=\"Spanish\"><span class=\"trp-ls-language-name\">ESP<\/span><\/span><\/a><\/li>\n<\/ul>\t\t\t<\/nav>\n\t\t\t\t\t<div class=\"elementor-menu-toggle\" role=\"button\" tabindex=\"0\" aria-label=\"Menu Toggle\" aria-expanded=\"false\">\n\t\t\t<i aria-hidden=\"true\" role=\"presentation\" class=\"elementor-menu-toggle__icon--open eicon-menu-bar\"><\/i><i aria-hidden=\"true\" role=\"presentation\" class=\"elementor-menu-toggle__icon--close eicon-close\"><\/i>\t\t\t<span class=\"elementor-screen-only\">Menu<\/span>\n\t\t<\/div>\n\t\t\t\t\t<nav class=\"elementor-nav-menu--dropdown elementor-nav-menu__container\" aria-hidden=\"true\">\n\t\t\t\t<ul id=\"menu-2-0512d43\" class=\"elementor-nav-menu\"><li class=\"trp-language-switcher-container menu-item menu-item-type-post_type menu-item-object-language_switcher current-language-menu-item menu-item-3071\"><a href=\"https:\/\/exposiciosantildefons.cornella.cat\/esp\/wp-json\/wp\/v2\/pages\/448\" class=\"elementor-item elementor-item-anchor\" tabindex=\"-1\"><span data-no-translation><img decoding=\"async\" class=\"trp-flag-image\" src=\"https:\/\/exposiciosantildefons.cornella.cat\/wp-content\/plugins\/translatepress-multilingual\/assets\/images\/flags\/ca.png\" width=\"18\" height=\"12\" alt=\"ca\" title=\"Catalan\"><span class=\"trp-ls-language-name\">CAT<\/span><\/span><\/a><\/li>\n<li class=\"trp-language-switcher-container menu-item menu-item-type-post_type menu-item-object-language_switcher current-language-menu-item menu-item-3070\"><a href=\"https:\/\/exposiciosantildefons.cornella.cat\/esp\/wp-json\/wp\/v2\/pages\/448\" class=\"elementor-item elementor-item-anchor\" tabindex=\"-1\"><span data-no-translation><img decoding=\"async\" class=\"trp-flag-image\" src=\"https:\/\/exposiciosantildefons.cornella.cat\/wp-content\/plugins\/translatepress-multilingual\/assets\/images\/flags\/es_ES.png\" width=\"18\" height=\"12\" alt=\"es_ES\" title=\"Spanish\"><span class=\"trp-ls-language-name\">ESP<\/span><\/span><\/a><\/li>\n<\/ul>\t\t\t<\/nav>\n\t\t\t\t\t\t<\/div>\n\t\t\t\t<\/div>\n\t\t\t\t<div class=\"elementor-element elementor-element-d0294f6 elementor-widget elementor-widget-image\" data-id=\"d0294f6\" data-element_type=\"widget\" data-widget_type=\"image.default\">\n\t\t\t\t<div class=\"elementor-widget-container\">\n\t\t\t\t\t\t\t\t\t\t\t\t\t\t\t<img loading=\"lazy\" decoding=\"async\" width=\"1747\" height=\"39\" src=\"https:\/\/exposiciosantildefons.cornella.cat\/wp-content\/uploads\/2023\/01\/Separador01.png\" class=\"attachment-full size-full wp-image-2089\" alt=\"\" srcset=\"https:\/\/exposiciosantildefons.cornella.cat\/wp-content\/uploads\/2023\/01\/Separador01.png 1747w, https:\/\/exposiciosantildefons.cornella.cat\/wp-content\/uploads\/2023\/01\/Separador01-300x7.png 300w, https:\/\/exposiciosantildefons.cornella.cat\/wp-content\/uploads\/2023\/01\/Separador01-1024x23.png 1024w, https:\/\/exposiciosantildefons.cornella.cat\/wp-content\/uploads\/2023\/01\/Separador01-768x17.png 768w, https:\/\/exposiciosantildefons.cornella.cat\/wp-content\/uploads\/2023\/01\/Separador01-1536x34.png 1536w, https:\/\/exposiciosantildefons.cornella.cat\/wp-content\/uploads\/2023\/01\/Separador01-18x1.png 18w\" sizes=\"(max-width: 1747px) 100vw, 1747px\" \/>\t\t\t\t\t\t\t\t\t\t\t\t\t\t\t<\/div>\n\t\t\t\t<\/div>\n\t\t\t\t<div class=\"elementor-element elementor-element-50116817 elementor-nav-menu--dropdown-none elementor-nav-menu__align-left elementor-widget elementor-widget-nav-menu\" data-id=\"50116817\" data-element_type=\"widget\" data-settings=\"{&quot;layout&quot;:&quot;vertical&quot;,&quot;sticky&quot;:&quot;top&quot;,&quot;submenu_icon&quot;:{&quot;value&quot;:&quot;&lt;i class=\\&quot;fas fa-caret-down\\&quot;&gt;&lt;\\\/i&gt;&quot;,&quot;library&quot;:&quot;fa-solid&quot;},&quot;sticky_on&quot;:[&quot;desktop&quot;,&quot;laptop&quot;,&quot;tablet&quot;,&quot;mobile&quot;],&quot;sticky_offset&quot;:0,&quot;sticky_effects_offset&quot;:0}\" data-widget_type=\"nav-menu.default\">\n\t\t\t\t<div class=\"elementor-widget-container\">\n\t\t\t\t\t\t\t\t<nav class=\"elementor-nav-menu--main elementor-nav-menu__container elementor-nav-menu--layout-vertical e--pointer-none\">\n\t\t\t\t<ul id=\"menu-1-50116817\" class=\"elementor-nav-menu sm-vertical\"><li class=\"menu-item menu-item-type-post_type menu-item-object-page menu-item-1440\"><a href=\"https:\/\/exposiciosantildefons.cornella.cat\/esp\/un-espai-entre-la-muntanya-i-la-costa-bis\/\" class=\"elementor-item\">Un espacio entre la monta\u00f1a y la costa<\/a><\/li>\n<li class=\"menu-item menu-item-type-post_type menu-item-object-page menu-item-46\"><a href=\"https:\/\/exposiciosantildefons.cornella.cat\/esp\/sant-ildefons-el-nou-barri\/\" class=\"elementor-item\">Sant Ildefons, el nuevo barrio de Cornell\u00e0 de Llobregat<\/a><\/li>\n<li class=\"menu-item menu-item-type-post_type menu-item-object-page menu-item-47\"><a href=\"https:\/\/exposiciosantildefons.cornella.cat\/esp\/jo-et-vaig-veure-arribar\/\" class=\"elementor-item\">Yo te vi llegar<\/a><\/li>\n<li class=\"menu-item menu-item-type-post_type menu-item-object-page menu-item-45\"><a href=\"https:\/\/exposiciosantildefons.cornella.cat\/esp\/serveis-per-a-una-comunitat\/\" class=\"elementor-item\">Servicios para una comunidad<\/a><\/li>\n<li class=\"menu-item menu-item-type-post_type menu-item-object-page menu-item-44\"><a href=\"https:\/\/exposiciosantildefons.cornella.cat\/esp\/sant-ildefons-avui\/\" class=\"elementor-item\">Sant Ildefons hoy<\/a><\/li>\n<li class=\"menu-item menu-item-type-post_type menu-item-object-page menu-item-48\"><a href=\"https:\/\/exposiciosantildefons.cornella.cat\/esp\/sant-ildefons-un-barri-que-treballa-pel-seu-futur\/\" class=\"elementor-item\">Sant Ildefons, un barrio que trabaja por su futuro<\/a><\/li>\n<li class=\"menu-item menu-item-type-post_type menu-item-object-page menu-item-455\"><a href=\"https:\/\/exposiciosantildefons.cornella.cat\/esp\/credits-i-dades-de-lexposico\/\" class=\"elementor-item\">Cr\u00e9ditos y datos de la exposici\u00f3n<\/a><\/li>\n<li class=\"menu-item menu-item-type-post_type menu-item-object-page menu-item-456\"><a href=\"https:\/\/exposiciosantildefons.cornella.cat\/esp\/proposta-educativa\/\" class=\"elementor-item\">Propuesta Educativa<\/a><\/li>\n<li class=\"menu-item menu-item-type-post_type menu-item-object-page menu-item-457\"><a href=\"https:\/\/exposiciosantildefons.cornella.cat\/esp\/audiovisuals\/\" class=\"elementor-item\">Audiovisuales<\/a><\/li>\n<\/ul>\t\t\t<\/nav>\n\t\t\t\t\t\t<nav class=\"elementor-nav-menu--dropdown elementor-nav-menu__container\" aria-hidden=\"true\">\n\t\t\t\t<ul id=\"menu-2-50116817\" class=\"elementor-nav-menu sm-vertical\"><li class=\"menu-item menu-item-type-post_type menu-item-object-page menu-item-1440\"><a href=\"https:\/\/exposiciosantildefons.cornella.cat\/esp\/un-espai-entre-la-muntanya-i-la-costa-bis\/\" class=\"elementor-item\" tabindex=\"-1\">Un espacio entre la monta\u00f1a y la costa<\/a><\/li>\n<li class=\"menu-item menu-item-type-post_type menu-item-object-page menu-item-46\"><a href=\"https:\/\/exposiciosantildefons.cornella.cat\/esp\/sant-ildefons-el-nou-barri\/\" class=\"elementor-item\" tabindex=\"-1\">Sant Ildefons, el nuevo barrio de Cornell\u00e0 de Llobregat<\/a><\/li>\n<li class=\"menu-item menu-item-type-post_type menu-item-object-page menu-item-47\"><a href=\"https:\/\/exposiciosantildefons.cornella.cat\/esp\/jo-et-vaig-veure-arribar\/\" class=\"elementor-item\" tabindex=\"-1\">Yo te vi llegar<\/a><\/li>\n<li class=\"menu-item menu-item-type-post_type menu-item-object-page menu-item-45\"><a href=\"https:\/\/exposiciosantildefons.cornella.cat\/esp\/serveis-per-a-una-comunitat\/\" class=\"elementor-item\" tabindex=\"-1\">Servicios para una comunidad<\/a><\/li>\n<li class=\"menu-item menu-item-type-post_type menu-item-object-page menu-item-44\"><a href=\"https:\/\/exposiciosantildefons.cornella.cat\/esp\/sant-ildefons-avui\/\" class=\"elementor-item\" tabindex=\"-1\">Sant Ildefons hoy<\/a><\/li>\n<li class=\"menu-item menu-item-type-post_type menu-item-object-page menu-item-48\"><a href=\"https:\/\/exposiciosantildefons.cornella.cat\/esp\/sant-ildefons-un-barri-que-treballa-pel-seu-futur\/\" class=\"elementor-item\" tabindex=\"-1\">Sant Ildefons, un barrio que trabaja por su futuro<\/a><\/li>\n<li class=\"menu-item menu-item-type-post_type menu-item-object-page menu-item-455\"><a href=\"https:\/\/exposiciosantildefons.cornella.cat\/esp\/credits-i-dades-de-lexposico\/\" class=\"elementor-item\" tabindex=\"-1\">Cr\u00e9ditos y datos de la exposici\u00f3n<\/a><\/li>\n<li class=\"menu-item menu-item-type-post_type menu-item-object-page menu-item-456\"><a href=\"https:\/\/exposiciosantildefons.cornella.cat\/esp\/proposta-educativa\/\" class=\"elementor-item\" tabindex=\"-1\">Propuesta Educativa<\/a><\/li>\n<li class=\"menu-item menu-item-type-post_type menu-item-object-page menu-item-457\"><a href=\"https:\/\/exposiciosantildefons.cornella.cat\/esp\/audiovisuals\/\" class=\"elementor-item\" tabindex=\"-1\">Audiovisuales<\/a><\/li>\n<\/ul>\t\t\t<\/nav>\n\t\t\t\t\t\t<\/div>\n\t\t\t\t<\/div>\n\t\t\t\t<div class=\"elementor-element elementor-element-0269de3 elementor-widget elementor-widget-image\" data-id=\"0269de3\" data-element_type=\"widget\" data-widget_type=\"image.default\">\n\t\t\t\t<div class=\"elementor-widget-container\">\n\t\t\t\t\t\t\t\t\t\t\t\t\t\t\t<img loading=\"lazy\" decoding=\"async\" width=\"1747\" height=\"39\" src=\"https:\/\/exposiciosantildefons.cornella.cat\/wp-content\/uploads\/2023\/01\/Separador01.png\" class=\"attachment-full size-full wp-image-2089\" alt=\"\" srcset=\"https:\/\/exposiciosantildefons.cornella.cat\/wp-content\/uploads\/2023\/01\/Separador01.png 1747w, https:\/\/exposiciosantildefons.cornella.cat\/wp-content\/uploads\/2023\/01\/Separador01-300x7.png 300w, https:\/\/exposiciosantildefons.cornella.cat\/wp-content\/uploads\/2023\/01\/Separador01-1024x23.png 1024w, https:\/\/exposiciosantildefons.cornella.cat\/wp-content\/uploads\/2023\/01\/Separador01-768x17.png 768w, https:\/\/exposiciosantildefons.cornella.cat\/wp-content\/uploads\/2023\/01\/Separador01-1536x34.png 1536w, https:\/\/exposiciosantildefons.cornella.cat\/wp-content\/uploads\/2023\/01\/Separador01-18x1.png 18w\" sizes=\"(max-width: 1747px) 100vw, 1747px\" \/>\t\t\t\t\t\t\t\t\t\t\t\t\t\t\t<\/div>\n\t\t\t\t<\/div>\n\t\t\t\t<div class=\"elementor-element elementor-element-ffbd5d2 elementor-widget elementor-widget-image\" data-id=\"ffbd5d2\" data-element_type=\"widget\" data-widget_type=\"image.default\">\n\t\t\t\t<div class=\"elementor-widget-container\">\n\t\t\t\t\t\t\t\t\t\t\t\t\t\t\t<img loading=\"lazy\" decoding=\"async\" width=\"1024\" height=\"323\" src=\"https:\/\/exposiciosantildefons.cornella.cat\/wp-content\/uploads\/2025\/02\/LogoAjuntament-1024x323-1.png\" class=\"attachment-full size-full wp-image-3676\" alt=\"\" srcset=\"https:\/\/exposiciosantildefons.cornella.cat\/wp-content\/uploads\/2025\/02\/LogoAjuntament-1024x323-1.png 1024w, https:\/\/exposiciosantildefons.cornella.cat\/wp-content\/uploads\/2025\/02\/LogoAjuntament-1024x323-1-300x95.png 300w, https:\/\/exposiciosantildefons.cornella.cat\/wp-content\/uploads\/2025\/02\/LogoAjuntament-1024x323-1-768x242.png 768w, https:\/\/exposiciosantildefons.cornella.cat\/wp-content\/uploads\/2025\/02\/LogoAjuntament-1024x323-1-18x6.png 18w\" sizes=\"(max-width: 1024px) 100vw, 1024px\" \/>\t\t\t\t\t\t\t\t\t\t\t\t\t\t\t<\/div>\n\t\t\t\t<\/div>\n\t\t\t\t\t<\/div>\n\t\t<\/div>\n\t\t\t\t\t<\/div>\n\t\t<\/section>\n\t\t\t\t\t<\/div>\n\t\t<\/div>\n\t\t\t\t<div class=\"elementor-column elementor-col-50 elementor-top-column elementor-element elementor-element-19f1220b\" data-id=\"19f1220b\" data-element_type=\"column\">\n\t\t\t<div class=\"elementor-widget-wrap elementor-element-populated\">\n\t\t\t\t\t\t<div class=\"elementor-element elementor-element-83979db elementor-widget-divider--view-line elementor-widget elementor-widget-global elementor-global-1560 elementor-widget-divider\" data-id=\"83979db\" data-element_type=\"widget\" data-widget_type=\"divider.default\">\n\t\t\t\t<div class=\"elementor-widget-container\">\n\t\t\t\t\t\t\t<div class=\"elementor-divider\">\n\t\t\t<span class=\"elementor-divider-separator\">\n\t\t\t\t\t\t<\/span>\n\t\t<\/div>\n\t\t\t\t\t\t<\/div>\n\t\t\t\t<\/div>\n\t\t\t\t<section class=\"elementor-section elementor-inner-section elementor-element elementor-element-7620cce elementor-section-boxed elementor-section-height-default elementor-section-height-default\" data-id=\"7620cce\" data-element_type=\"section\">\n\t\t\t\t\t\t<div class=\"elementor-container elementor-column-gap-extended\">\n\t\t\t\t\t<div class=\"elementor-column elementor-col-50 elementor-inner-column elementor-element elementor-element-5686b07\" data-id=\"5686b07\" data-element_type=\"column\">\n\t\t\t<div class=\"elementor-widget-wrap elementor-element-populated\">\n\t\t\t\t\t\t<div class=\"elementor-element elementor-element-7ec5ad6 elementor-widget elementor-widget-heading\" data-id=\"7ec5ad6\" data-element_type=\"widget\" data-widget_type=\"heading.default\">\n\t\t\t\t<div class=\"elementor-widget-container\">\n\t\t\t\t\t<h1 class=\"elementor-heading-title elementor-size-xxl\">Propuesta Educativa<\/h1>\t\t\t\t<\/div>\n\t\t\t\t<\/div>\n\t\t\t\t<div class=\"elementor-element elementor-element-4545219 elementor-widget elementor-widget-text-editor\" data-id=\"4545219\" data-element_type=\"widget\" data-widget_type=\"text-editor.default\">\n\t\t\t\t<div class=\"elementor-widget-container\">\n\t\t\t\t\t\t\t\t\t<p style=\"text-align: left;\">Este espacio est\u00e1 dirigido al sector educativo, donde el profesorado podr\u00e1 encontrar los materiales did\u00e1cticos, adaptados a cada nivel, necesarios para desarrollar actividades en el aula alrededor de los contenidos de la exposici\u00f3n \u201c<strong>Sant Ildefons. Una historia compartida en Cornell\u00e0<\/strong>\u201d.<\/p>\t\t\t\t\t\t\t\t<\/div>\n\t\t\t\t<\/div>\n\t\t\t\t\t<\/div>\n\t\t<\/div>\n\t\t\t\t<div class=\"elementor-column elementor-col-50 elementor-inner-column elementor-element elementor-element-90ba6a9\" data-id=\"90ba6a9\" data-element_type=\"column\">\n\t\t\t<div class=\"elementor-widget-wrap elementor-element-populated\">\n\t\t\t\t\t\t<div class=\"elementor-element elementor-element-7853895 elementor-widget elementor-widget-image\" data-id=\"7853895\" data-element_type=\"widget\" data-widget_type=\"image.default\">\n\t\t\t\t<div class=\"elementor-widget-container\">\n\t\t\t\t\t\t\t\t\t\t\t\t\t\t\t<img loading=\"lazy\" decoding=\"async\" width=\"800\" height=\"280\" src=\"https:\/\/exposiciosantildefons.cornella.cat\/wp-content\/uploads\/2023\/01\/Cenefa.png\" class=\"attachment-full size-full wp-image-2091\" alt=\"\" srcset=\"https:\/\/exposiciosantildefons.cornella.cat\/wp-content\/uploads\/2023\/01\/Cenefa.png 800w, https:\/\/exposiciosantildefons.cornella.cat\/wp-content\/uploads\/2023\/01\/Cenefa-300x105.png 300w, https:\/\/exposiciosantildefons.cornella.cat\/wp-content\/uploads\/2023\/01\/Cenefa-768x269.png 768w, https:\/\/exposiciosantildefons.cornella.cat\/wp-content\/uploads\/2023\/01\/Cenefa-18x6.png 18w\" sizes=\"(max-width: 800px) 100vw, 800px\" \/>\t\t\t\t\t\t\t\t\t\t\t\t\t\t\t<\/div>\n\t\t\t\t<\/div>\n\t\t\t\t\t<\/div>\n\t\t<\/div>\n\t\t\t\t\t<\/div>\n\t\t<\/section>\n\t\t\t\t<div class=\"elementor-element elementor-element-cc85e90 elementor-widget elementor-widget-spacer\" data-id=\"cc85e90\" data-element_type=\"widget\" data-widget_type=\"spacer.default\">\n\t\t\t\t<div class=\"elementor-widget-container\">\n\t\t\t\t\t\t\t<div class=\"elementor-spacer\">\n\t\t\t<div class=\"elementor-spacer-inner\"><\/div>\n\t\t<\/div>\n\t\t\t\t\t\t<\/div>\n\t\t\t\t<\/div>\n\t\t\t\t<section class=\"elementor-section elementor-inner-section elementor-element elementor-element-39b6252 elementor-section-boxed elementor-section-height-default elementor-section-height-default\" data-id=\"39b6252\" data-element_type=\"section\">\n\t\t\t\t\t\t<div class=\"elementor-container elementor-column-gap-extended\">\n\t\t\t\t\t<div class=\"elementor-column elementor-col-25 elementor-inner-column elementor-element elementor-element-b1cca82\" data-id=\"b1cca82\" data-element_type=\"column\">\n\t\t\t<div class=\"elementor-widget-wrap elementor-element-populated\">\n\t\t\t\t\t\t<div class=\"elementor-element elementor-element-8cabd1b elementor-widget elementor-widget-image\" data-id=\"8cabd1b\" data-element_type=\"widget\" data-widget_type=\"image.default\">\n\t\t\t\t<div class=\"elementor-widget-container\">\n\t\t\t\t\t\t\t\t\t\t\t\t\t\t\t<img loading=\"lazy\" decoding=\"async\" width=\"970\" height=\"1345\" src=\"https:\/\/exposiciosantildefons.cornella.cat\/wp-content\/uploads\/2023\/01\/Cartell-Sant-ildefons-Saletite.jpg\" class=\"attachment-full size-full wp-image-557\" alt=\"\" srcset=\"https:\/\/exposiciosantildefons.cornella.cat\/wp-content\/uploads\/2023\/01\/Cartell-Sant-ildefons-Saletite.jpg 970w, https:\/\/exposiciosantildefons.cornella.cat\/wp-content\/uploads\/2023\/01\/Cartell-Sant-ildefons-Saletite-216x300.jpg 216w, https:\/\/exposiciosantildefons.cornella.cat\/wp-content\/uploads\/2023\/01\/Cartell-Sant-ildefons-Saletite-738x1024.jpg 738w, https:\/\/exposiciosantildefons.cornella.cat\/wp-content\/uploads\/2023\/01\/Cartell-Sant-ildefons-Saletite-768x1065.jpg 768w, https:\/\/exposiciosantildefons.cornella.cat\/wp-content\/uploads\/2023\/01\/Cartell-Sant-ildefons-Saletite-9x12.jpg 9w\" sizes=\"(max-width: 970px) 100vw, 970px\" \/>\t\t\t\t\t\t\t\t\t\t\t\t\t\t\t<\/div>\n\t\t\t\t<\/div>\n\t\t\t\t\t<\/div>\n\t\t<\/div>\n\t\t\t\t<div class=\"elementor-column elementor-col-25 elementor-inner-column elementor-element elementor-element-59f65b8\" data-id=\"59f65b8\" data-element_type=\"column\">\n\t\t\t<div class=\"elementor-widget-wrap elementor-element-populated\">\n\t\t\t\t\t\t<div class=\"elementor-element elementor-element-c90fa1b elementor-widget elementor-widget-heading\" data-id=\"c90fa1b\" data-element_type=\"widget\" data-widget_type=\"heading.default\">\n\t\t\t\t<div class=\"elementor-widget-container\">\n\t\t\t\t\t<h2 class=\"elementor-heading-title elementor-size-xxl\">Material didactic <p> per alumnes de Prim\u00e0ria<\/h2>\t\t\t\t<\/div>\n\t\t\t\t<\/div>\n\t\t\t\t<div class=\"elementor-element elementor-element-bf34664 elementor-widget elementor-widget-spacer\" data-id=\"bf34664\" data-element_type=\"widget\" data-widget_type=\"spacer.default\">\n\t\t\t\t<div class=\"elementor-widget-container\">\n\t\t\t\t\t\t\t<div class=\"elementor-spacer\">\n\t\t\t<div class=\"elementor-spacer-inner\"><\/div>\n\t\t<\/div>\n\t\t\t\t\t\t<\/div>\n\t\t\t\t<\/div>\n\t\t\t\t<div class=\"elementor-element elementor-element-ffbc758 elementor-widget elementor-widget-heading\" data-id=\"ffbc758\" data-element_type=\"widget\" data-widget_type=\"heading.default\">\n\t\t\t\t<div class=\"elementor-widget-container\">\n\t\t\t\t\t<h2 class=\"elementor-heading-title elementor-size-xxl\">El Cor del Barri <p> Sant Ildefons batega!<\/h2>\t\t\t\t<\/div>\n\t\t\t\t<\/div>\n\t\t\t\t<div class=\"elementor-element elementor-element-59e20f7 elementor-align-left elementor-widget elementor-widget-button\" data-id=\"59e20f7\" data-element_type=\"widget\" data-widget_type=\"button.default\">\n\t\t\t\t<div class=\"elementor-widget-container\">\n\t\t\t\t\t\t\t\t\t<div class=\"elementor-button-wrapper\">\n\t\t\t\t\t<a class=\"elementor-button elementor-button-link elementor-size-sm\" href=\"https:\/\/exposiciosantildefons.cornella.cat\/wp-content\/uploads\/2023\/01\/El-Cor-del-Barri_-Sant-Ildefons-batega_Primaria.pdf\" target=\"_blank\" download=\"\">\n\t\t\t\t\t\t<span class=\"elementor-button-content-wrapper\">\n\t\t\t\t\t\t<span class=\"elementor-button-icon\">\n\t\t\t\t<i aria-hidden=\"true\" class=\"fas fa-download\"><\/i>\t\t\t<\/span>\n\t\t\t\t\t\t\t\t\t<span class=\"elementor-button-text\">Descarrega<\/span>\n\t\t\t\t\t<\/span>\n\t\t\t\t\t<\/a>\n\t\t\t\t<\/div>\n\t\t\t\t\t\t\t\t<\/div>\n\t\t\t\t<\/div>\n\t\t\t\t<div class=\"elementor-element elementor-element-dd4d954 elementor-widget elementor-widget-spacer\" data-id=\"dd4d954\" data-element_type=\"widget\" data-widget_type=\"spacer.default\">\n\t\t\t\t<div class=\"elementor-widget-container\">\n\t\t\t\t\t\t\t<div class=\"elementor-spacer\">\n\t\t\t<div class=\"elementor-spacer-inner\"><\/div>\n\t\t<\/div>\n\t\t\t\t\t\t<\/div>\n\t\t\t\t<\/div>\n\t\t\t\t<div class=\"elementor-element elementor-element-95f1845 elementor-widget elementor-widget-text-editor\" data-id=\"95f1845\" data-element_type=\"widget\" data-widget_type=\"text-editor.default\">\n\t\t\t\t<div class=\"elementor-widget-container\">\n\t\t\t\t\t\t\t\t\t<p style=\"text-align: left;\">Arxiu PDF<\/p>\t\t\t\t\t\t\t\t<\/div>\n\t\t\t\t<\/div>\n\t\t\t\t\t<\/div>\n\t\t<\/div>\n\t\t\t\t<div class=\"elementor-column elementor-col-25 elementor-inner-column elementor-element elementor-element-33cf0ad\" data-id=\"33cf0ad\" data-element_type=\"column\">\n\t\t\t<div class=\"elementor-widget-wrap elementor-element-populated\">\n\t\t\t\t\t\t<div class=\"elementor-element elementor-element-6f5e94c elementor-widget elementor-widget-image\" data-id=\"6f5e94c\" data-element_type=\"widget\" data-widget_type=\"image.default\">\n\t\t\t\t<div class=\"elementor-widget-container\">\n\t\t\t\t\t\t\t\t\t\t\t\t\t\t\t<img loading=\"lazy\" decoding=\"async\" width=\"1366\" height=\"1900\" src=\"https:\/\/exposiciosantildefons.cornella.cat\/wp-content\/uploads\/2023\/01\/050000530000125.jpg\" class=\"attachment-full size-full wp-image-286\" alt=\"\" srcset=\"https:\/\/exposiciosantildefons.cornella.cat\/wp-content\/uploads\/2023\/01\/050000530000125.jpg 1366w, https:\/\/exposiciosantildefons.cornella.cat\/wp-content\/uploads\/2023\/01\/050000530000125-216x300.jpg 216w, https:\/\/exposiciosantildefons.cornella.cat\/wp-content\/uploads\/2023\/01\/050000530000125-736x1024.jpg 736w, https:\/\/exposiciosantildefons.cornella.cat\/wp-content\/uploads\/2023\/01\/050000530000125-768x1068.jpg 768w, https:\/\/exposiciosantildefons.cornella.cat\/wp-content\/uploads\/2023\/01\/050000530000125-1104x1536.jpg 1104w, https:\/\/exposiciosantildefons.cornella.cat\/wp-content\/uploads\/2023\/01\/050000530000125-9x12.jpg 9w\" sizes=\"(max-width: 1366px) 100vw, 1366px\" \/>\t\t\t\t\t\t\t\t\t\t\t\t\t\t\t<\/div>\n\t\t\t\t<\/div>\n\t\t\t\t<div class=\"elementor-element elementor-element-3da2076 elementor-widget elementor-widget-spacer\" data-id=\"3da2076\" data-element_type=\"widget\" data-widget_type=\"spacer.default\">\n\t\t\t\t<div class=\"elementor-widget-container\">\n\t\t\t\t\t\t\t<div class=\"elementor-spacer\">\n\t\t\t<div class=\"elementor-spacer-inner\"><\/div>\n\t\t<\/div>\n\t\t\t\t\t\t<\/div>\n\t\t\t\t<\/div>\n\t\t\t\t<div class=\"elementor-element elementor-element-be1ee91 elementor-widget elementor-widget-spacer\" data-id=\"be1ee91\" data-element_type=\"widget\" data-widget_type=\"spacer.default\">\n\t\t\t\t<div class=\"elementor-widget-container\">\n\t\t\t\t\t\t\t<div class=\"elementor-spacer\">\n\t\t\t<div class=\"elementor-spacer-inner\"><\/div>\n\t\t<\/div>\n\t\t\t\t\t\t<\/div>\n\t\t\t\t<\/div>\n\t\t\t\t<div class=\"elementor-element elementor-element-3e4f3d7 elementor-widget elementor-widget-spacer\" data-id=\"3e4f3d7\" data-element_type=\"widget\" data-widget_type=\"spacer.default\">\n\t\t\t\t<div class=\"elementor-widget-container\">\n\t\t\t\t\t\t\t<div class=\"elementor-spacer\">\n\t\t\t<div class=\"elementor-spacer-inner\"><\/div>\n\t\t<\/div>\n\t\t\t\t\t\t<\/div>\n\t\t\t\t<\/div>\n\t\t\t\t\t<\/div>\n\t\t<\/div>\n\t\t\t\t<div class=\"elementor-column elementor-col-25 elementor-inner-column elementor-element elementor-element-e26a488\" data-id=\"e26a488\" data-element_type=\"column\">\n\t\t\t<div class=\"elementor-widget-wrap elementor-element-populated\">\n\t\t\t\t\t\t<div class=\"elementor-element elementor-element-61d102e elementor-widget elementor-widget-heading\" data-id=\"61d102e\" data-element_type=\"widget\" data-widget_type=\"heading.default\">\n\t\t\t\t<div class=\"elementor-widget-container\">\n\t\t\t\t\t<h2 class=\"elementor-heading-title elementor-size-default\">Material didactic <p> per alumnes d'ESO i Batxillerat<span style=\"color: var( --e-global-color-primary ); background-color: var( --e-global-color-accent );\"><\/span><\/p><\/h2>\t\t\t\t<\/div>\n\t\t\t\t<\/div>\n\t\t\t\t<div class=\"elementor-element elementor-element-f5ba3f6 elementor-widget elementor-widget-spacer\" data-id=\"f5ba3f6\" data-element_type=\"widget\" data-widget_type=\"spacer.default\">\n\t\t\t\t<div class=\"elementor-widget-container\">\n\t\t\t\t\t\t\t<div class=\"elementor-spacer\">\n\t\t\t<div class=\"elementor-spacer-inner\"><\/div>\n\t\t<\/div>\n\t\t\t\t\t\t<\/div>\n\t\t\t\t<\/div>\n\t\t\t\t<div class=\"elementor-element elementor-element-73f00d0 elementor-widget elementor-widget-heading\" data-id=\"73f00d0\" data-element_type=\"widget\" data-widget_type=\"heading.default\">\n\t\t\t\t<div class=\"elementor-widget-container\">\n\t\t\t\t\t<h2 class=\"elementor-heading-title elementor-size-default\">Re-Inventa <p> Sant Ildefons<\/h2>\t\t\t\t<\/div>\n\t\t\t\t<\/div>\n\t\t\t\t<div class=\"elementor-element elementor-element-4bea915 elementor-align-left elementor-widget elementor-widget-button\" data-id=\"4bea915\" data-element_type=\"widget\" data-widget_type=\"button.default\">\n\t\t\t\t<div class=\"elementor-widget-container\">\n\t\t\t\t\t\t\t\t\t<div class=\"elementor-button-wrapper\">\n\t\t\t\t\t<a class=\"elementor-button elementor-button-link elementor-size-sm\" href=\"https:\/\/exposiciosantildefons.cornella.cat\/wp-content\/uploads\/2023\/01\/Re-Inventa-St-Ildefons-Eso_Batxillerat.pdf\" target=\"_blank\" download=\"\">\n\t\t\t\t\t\t<span class=\"elementor-button-content-wrapper\">\n\t\t\t\t\t\t<span class=\"elementor-button-icon\">\n\t\t\t\t<i aria-hidden=\"true\" class=\"fas fa-download\"><\/i>\t\t\t<\/span>\n\t\t\t\t\t\t\t\t\t<span class=\"elementor-button-text\">Descarrega<\/span>\n\t\t\t\t\t<\/span>\n\t\t\t\t\t<\/a>\n\t\t\t\t<\/div>\n\t\t\t\t\t\t\t\t<\/div>\n\t\t\t\t<\/div>\n\t\t\t\t<div class=\"elementor-element elementor-element-c2bdf5a elementor-widget elementor-widget-text-editor\" data-id=\"c2bdf5a\" data-element_type=\"widget\" data-widget_type=\"text-editor.default\">\n\t\t\t\t<div class=\"elementor-widget-container\">\n\t\t\t\t\t\t\t\t\t<p style=\"text-align: left;\">Arxiu PDF<\/p>\t\t\t\t\t\t\t\t<\/div>\n\t\t\t\t<\/div>\n\t\t\t\t<div class=\"elementor-element elementor-element-175449d elementor-align-left elementor-widget elementor-widget-button\" data-id=\"175449d\" data-element_type=\"widget\" data-widget_type=\"button.default\">\n\t\t\t\t<div class=\"elementor-widget-container\">\n\t\t\t\t\t\t\t\t\t<div class=\"elementor-button-wrapper\">\n\t\t\t\t\t<a class=\"elementor-button elementor-button-link elementor-size-sm\" href=\"https:\/\/exposiciosantildefons.cornella.cat\/wp-content\/uploads\/2023\/01\/sant-ildefons-batxillerat_presentacio.pptx\" download=\"\">\n\t\t\t\t\t\t<span class=\"elementor-button-content-wrapper\">\n\t\t\t\t\t\t<span class=\"elementor-button-icon\">\n\t\t\t\t<i aria-hidden=\"true\" class=\"fas fa-download\"><\/i>\t\t\t<\/span>\n\t\t\t\t\t\t\t\t\t<span class=\"elementor-button-text\">Descarrega<\/span>\n\t\t\t\t\t<\/span>\n\t\t\t\t\t<\/a>\n\t\t\t\t<\/div>\n\t\t\t\t\t\t\t\t<\/div>\n\t\t\t\t<\/div>\n\t\t\t\t<div class=\"elementor-element elementor-element-47e8c97 elementor-widget elementor-widget-text-editor\" data-id=\"47e8c97\" data-element_type=\"widget\" data-widget_type=\"text-editor.default\">\n\t\t\t\t<div class=\"elementor-widget-container\">\n\t\t\t\t\t\t\t\t\t<p style=\"text-align: left;\">Arxiu PPT<\/p>\t\t\t\t\t\t\t\t<\/div>\n\t\t\t\t<\/div>\n\t\t\t\t\t<\/div>\n\t\t<\/div>\n\t\t\t\t\t<\/div>\n\t\t<\/section>\n\t\t\t\t<div class=\"elementor-element elementor-element-2cbebcb elementor-widget elementor-widget-spacer\" data-id=\"2cbebcb\" data-element_type=\"widget\" data-widget_type=\"spacer.default\">\n\t\t\t\t<div class=\"elementor-widget-container\">\n\t\t\t\t\t\t\t<div class=\"elementor-spacer\">\n\t\t\t<div class=\"elementor-spacer-inner\"><\/div>\n\t\t<\/div>\n\t\t\t\t\t\t<\/div>\n\t\t\t\t<\/div>\n\t\t\t\t<section class=\"elementor-section elementor-inner-section elementor-element elementor-element-1ff9540 elementor-section-content-middle elementor-section-boxed elementor-section-height-default elementor-section-height-default\" data-id=\"1ff9540\" data-element_type=\"section\">\n\t\t\t\t\t\t<div class=\"elementor-container elementor-column-gap-extended\">\n\t\t\t\t\t<div class=\"elementor-column elementor-col-100 elementor-inner-column elementor-element elementor-element-a1f5b3b\" data-id=\"a1f5b3b\" data-element_type=\"column\">\n\t\t\t<div class=\"elementor-widget-wrap elementor-element-populated\">\n\t\t\t\t\t\t<div class=\"elementor-element elementor-element-e66d2f9 elementor-widget elementor-widget-image\" data-id=\"e66d2f9\" data-element_type=\"widget\" data-widget_type=\"image.default\">\n\t\t\t\t<div class=\"elementor-widget-container\">\n\t\t\t\t\t\t\t\t\t\t\t\t\t\t\t<img loading=\"lazy\" decoding=\"async\" width=\"1894\" height=\"111\" src=\"https:\/\/exposiciosantildefons.cornella.cat\/wp-content\/uploads\/2023\/01\/Separador02.png\" class=\"attachment-full size-full wp-image-2090\" alt=\"\" srcset=\"https:\/\/exposiciosantildefons.cornella.cat\/wp-content\/uploads\/2023\/01\/Separador02.png 1894w, https:\/\/exposiciosantildefons.cornella.cat\/wp-content\/uploads\/2023\/01\/Separador02-300x18.png 300w, https:\/\/exposiciosantildefons.cornella.cat\/wp-content\/uploads\/2023\/01\/Separador02-1024x60.png 1024w, https:\/\/exposiciosantildefons.cornella.cat\/wp-content\/uploads\/2023\/01\/Separador02-768x45.png 768w, https:\/\/exposiciosantildefons.cornella.cat\/wp-content\/uploads\/2023\/01\/Separador02-1536x90.png 1536w, https:\/\/exposiciosantildefons.cornella.cat\/wp-content\/uploads\/2023\/01\/Separador02-18x1.png 18w\" sizes=\"(max-width: 1894px) 100vw, 1894px\" \/>\t\t\t\t\t\t\t\t\t\t\t\t\t\t\t<\/div>\n\t\t\t\t<\/div>\n\t\t\t\t<div class=\"elementor-element elementor-element-432952ad elementor-widget elementor-widget-text-editor\" data-id=\"432952ad\" data-element_type=\"widget\" data-widget_type=\"text-editor.default\">\n\t\t\t\t<div class=\"elementor-widget-container\">\n\t\t\t\t\t\t\t\t\t<p style=\"text-align: center;\">\u00a0 @Ajuntament Cornell\u00e0 de Llobregat 2023<\/p>\t\t\t\t\t\t\t\t<\/div>\n\t\t\t\t<\/div>\n\t\t\t\t\t<\/div>\n\t\t<\/div>\n\t\t\t\t\t<\/div>\n\t\t<\/section>\n\t\t\t\t\t<\/div>\n\t\t<\/div>\n\t\t\t\t\t<\/div>\n\t\t<\/section>\n\t\t\t\t<\/div>","protected":false},"excerpt":{"rendered":"<p>Proposta Educativa Aquest espai est\u00e0 adre\u00e7at al sector educatiu, on el professorat podr\u00e0 trobar els materials did\u00e0ctics, adaptats a diversos nivells, necessaris per desenvolupar activitats a l\u2019aula al voltant dels continguts de l\u2019exposici\u00f3 \u201cSant Ildefons. Una hist\u00f2ria compartida a Cornell\u00e0\u201d. Material didactic per alumnes de Prim\u00e0ria El Cor del Barri Sant Ildefons batega! Descarrega Arxiu [&hellip;]<\/p>","protected":false},"author":1,"featured_media":0,"parent":0,"menu_order":0,"comment_status":"closed","ping_status":"closed","template":"elementor_canvas","meta":{"_acf_changed":false,"footnotes":""},"class_list":["post-448","page","type-page","status-publish","hentry"],"acf":[],"_links":{"self":[{"href":"https:\/\/exposiciosantildefons.cornella.cat\/esp\/wp-json\/wp\/v2\/pages\/448","targetHints":{"allow":["GET"]}}],"collection":[{"href":"https:\/\/exposiciosantildefons.cornella.cat\/esp\/wp-json\/wp\/v2\/pages"}],"about":[{"href":"https:\/\/exposiciosantildefons.cornella.cat\/esp\/wp-json\/wp\/v2\/types\/page"}],"author":[{"embeddable":true,"href":"https:\/\/exposiciosantildefons.cornella.cat\/esp\/wp-json\/wp\/v2\/users\/1"}],"replies":[{"embeddable":true,"href":"https:\/\/exposiciosantildefons.cornella.cat\/esp\/wp-json\/wp\/v2\/comments?post=448"}],"version-history":[{"count":437,"href":"https:\/\/exposiciosantildefons.cornella.cat\/esp\/wp-json\/wp\/v2\/pages\/448\/revisions"}],"predecessor-version":[{"id":3716,"href":"https:\/\/exposiciosantildefons.cornella.cat\/esp\/wp-json\/wp\/v2\/pages\/448\/revisions\/3716"}],"wp:attachment":[{"href":"https:\/\/exposiciosantildefons.cornella.cat\/esp\/wp-json\/wp\/v2\/media?parent=448"}],"curies":[{"name":"wp","href":"https:\/\/api.w.org\/{rel}","templated":true}]}}